{"id":114,"date":"2019-04-30T23:03:45","date_gmt":"2019-05-01T02:03:45","guid":{"rendered":"http:\/\/concejodeliberantedeazul.gob.ar\/?page_id=114"},"modified":"2026-03-28T21:05:24","modified_gmt":"2026-03-29T00:05:24","slug":"concejales","status":"publish","type":"page","link":"http:\/\/concejodeliberantedeazul.gob.ar\/index.php\/concejales\/","title":{"rendered":"Concejales"},"content":{"rendered":"\t\t<div data-elementor-type=\"wp-post\" data-elementor-id=\"114\" class=\"elementor elementor-114\">\n\t\t\t\t\t\t<section class=\"elementor-section elementor-top-section elementor-element elementor-element-19ea4002 elementor-hidden-phone elementor-section-boxed elementor-section-height-default elementor-section-height-default\" data-id=\"19ea4002\" data-element_type=\"section\" data-e-type=\"section\">\n\t\t\t\t\t\t<div class=\"elementor-container elementor-column-gap-default\">\n\t\t\t\t\t<div class=\"elementor-column elementor-col-100 elementor-top-column elementor-element elementor-element-5f61ada\" data-id=\"5f61ada\" data-element_type=\"column\" data-e-type=\"column\">\n\t\t\t<div class=\"elementor-widget-wrap elementor-element-populated\">\n\t\t\t\t\t\t<div class=\"elementor-element elementor-element-2d0359db elementor-widget elementor-widget-shortcode\" data-id=\"2d0359db\" data-element_type=\"widget\" data-e-type=\"widget\" data-widget_type=\"shortcode.default\">\n\t\t\t\t<div class=\"elementor-widget-container\">\n\t\t\t\t\t\t\t<div class=\"elementor-shortcode\"><div id=\"tdi_1\" class=\"tdc-zone\"><div class=\"tdc_zone tdi_2  wpb_row td-pb-row\"  >\n<style scoped>\n\/* custom css - generated by TagDiv Composer *\/\n\n\/* custom css - generated by TagDiv Composer *\/\n.tdi_2{\r\n                    min-height: 0;\r\n                }\n<\/style><div id=\"tdi_3\" class=\"tdc-row\"><div class=\"vc_row tdi_4  wpb_row td-pb-row\" >\n<style scoped>\n\/* custom css - generated by TagDiv Composer *\/\n\n\/* custom css - generated by TagDiv Composer *\/\n.tdi_4,\r\n                .tdi_4 .tdc-columns{\r\n                    min-height: 0;\r\n                }.tdi_4,\r\n\t\t\t\t.tdi_4 .tdc-columns{\r\n\t\t\t\t    display: block;\r\n\t\t\t\t}.tdi_4 .tdc-columns{\r\n\t\t\t\t    width: 100%;\r\n\t\t\t\t}.tdi_4:before,\r\n\t\t\t\t.tdi_4:after{\r\n\t\t\t\t    display: table;\r\n\t\t\t\t}\n<\/style><div class=\"vc_column tdi_6  wpb_column vc_column_container tdc-column td-pb-span12\">\n<style scoped>\n\/* custom css - generated by TagDiv Composer *\/\n\n\/* custom css - generated by TagDiv Composer *\/\n.tdi_6{\r\n                    vertical-align: baseline;\r\n                }.tdi_6 > .wpb_wrapper,\r\n\t\t\t\t.tdi_6 > .wpb_wrapper > .tdc-elements{\r\n\t\t\t\t    display: block;\r\n\t\t\t\t}.tdi_6 > .wpb_wrapper > .tdc-elements{\r\n\t\t\t\t    width: 100%;\r\n\t\t\t\t}.tdi_6 > .wpb_wrapper > .vc_row_inner{\r\n\t\t\t\t    width: auto;\r\n\t\t\t\t}.tdi_6 > .wpb_wrapper{\r\n\t\t\t\t    width: auto;\r\n\t\t\t\t    height: auto;\r\n\t\t\t\t}\n<\/style><div class=\"wpb_wrapper\" ><\/div><\/div><\/div><\/div><\/div><\/div><\/div>\n\t\t\t\t\t\t<\/div>\n\t\t\t\t<\/div>\n\t\t\t\t\t<\/div>\n\t\t<\/div>\n\t\t\t\t\t<\/div>\n\t\t<\/section>\n\t\t\t\t<section class=\"elementor-section elementor-top-section elementor-element elementor-element-24d29cb elementor-hidden-tablet elementor-hidden-phone elementor-section-boxed elementor-section-height-default elementor-section-height-default\" data-id=\"24d29cb\" data-element_type=\"section\" data-e-type=\"section\">\n\t\t\t\t\t\t<div class=\"elementor-container elementor-column-gap-default\">\n\t\t\t\t\t<div class=\"elementor-column elementor-col-100 elementor-top-column elementor-element elementor-element-a5f3e0d\" data-id=\"a5f3e0d\" data-element_type=\"column\" data-e-type=\"column\">\n\t\t\t<div class=\"elementor-widget-wrap elementor-element-populated\">\n\t\t\t\t\t\t<div class=\"elementor-element elementor-element-2165d94 elementor-hidden-tablet elementor-hidden-mobile elementor-tabs-view-horizontal elementor-widget elementor-widget-tabs\" data-id=\"2165d94\" data-element_type=\"widget\" data-e-type=\"widget\" data-widget_type=\"tabs.default\">\n\t\t\t\t<div class=\"elementor-widget-container\">\n\t\t\t\t\t\t\t<div class=\"elementor-tabs\">\n\t\t\t<div class=\"elementor-tabs-wrapper\" role=\"tablist\" >\n\t\t\t\t\t\t\t\t\t<div id=\"elementor-tab-title-3501\" class=\"elementor-tab-title elementor-tab-desktop-title\" aria-selected=\"true\" data-tab=\"1\" role=\"tab\" tabindex=\"0\" aria-controls=\"elementor-tab-content-3501\" aria-expanded=\"false\">SOMOS BUENOS AIRES<\/div>\n\t\t\t\t\t\t\t\t\t<div id=\"elementor-tab-title-3502\" class=\"elementor-tab-title elementor-tab-desktop-title\" aria-selected=\"false\" data-tab=\"2\" role=\"tab\" tabindex=\"-1\" aria-controls=\"elementor-tab-content-3502\" aria-expanded=\"false\">UNI\u00d3N C\u00cdVICA RADICAL<\/div>\n\t\t\t\t\t\t\t\t\t<div id=\"elementor-tab-title-3503\" class=\"elementor-tab-title elementor-tab-desktop-title\" aria-selected=\"false\" data-tab=\"3\" role=\"tab\" tabindex=\"-1\" aria-controls=\"elementor-tab-content-3503\" aria-expanded=\"false\">FUERZA PATRIA<\/div>\n\t\t\t\t\t\t\t\t\t<div id=\"elementor-tab-title-3504\" class=\"elementor-tab-title elementor-tab-desktop-title\" aria-selected=\"false\" data-tab=\"4\" role=\"tab\" tabindex=\"-1\" aria-controls=\"elementor-tab-content-3504\" aria-expanded=\"false\">GEN<\/div>\n\t\t\t\t\t\t\t\t\t<div id=\"elementor-tab-title-3505\" class=\"elementor-tab-title elementor-tab-desktop-title\" aria-selected=\"false\" data-tab=\"5\" role=\"tab\" tabindex=\"-1\" aria-controls=\"elementor-tab-content-3505\" aria-expanded=\"false\">LA LIBERTAD AVANZA<\/div>\n\t\t\t\t\t\t\t\t\t<div id=\"elementor-tab-title-3506\" class=\"elementor-tab-title elementor-tab-desktop-title\" aria-selected=\"false\" data-tab=\"6\" role=\"tab\" tabindex=\"-1\" aria-controls=\"elementor-tab-content-3506\" aria-expanded=\"false\">PRO AZUL<\/div>\n\t\t\t\t\t\t\t<\/div>\n\t\t\t<div class=\"elementor-tabs-content-wrapper\" role=\"tablist\" aria-orientation=\"vertical\">\n\t\t\t\t\t\t\t\t\t<div class=\"elementor-tab-title elementor-tab-mobile-title\" aria-selected=\"true\" data-tab=\"1\" role=\"tab\" tabindex=\"0\" aria-controls=\"elementor-tab-content-3501\" aria-expanded=\"false\">SOMOS BUENOS AIRES<\/div>\n\t\t\t\t\t<div id=\"elementor-tab-content-3501\" class=\"elementor-tab-content elementor-clearfix\" data-tab=\"1\" role=\"tabpanel\" aria-labelledby=\"elementor-tab-title-3501\" tabindex=\"0\" hidden=\"false\"><div id=\"awsm-team-1691\" class=\"awsm-grid-wrapper\">\n\t\t\t<div class=\"awsm-grid cards-style style-1 grid-4-col \">\n\t\t\t\t\t\t<div id=\"awsm-member-1691-1670\" class=\"awsm-grid-card\">\n\t\t\t\t   <figure>\n\t\t\t\t      <!-- <span class=\"awsm-grid-holder\"> -->\n\t\t\t\t      \t\t\t\t\t         <img decoding=\"async\" src=\"https:\/\/concejodeliberantedeazul.gob.ar\/wp-content\/uploads\/2022\/09\/Nati-500x500.jpg\" alt=\"NATALIA COLOM\u00c9\">\n\t\t\t\t        \t\t\t\t         <figcaption class=\"awsm-figcaption\">\n\t\t\t\t         \t\t\t\t\t            <div class=\"awsm-personal-info\">\n\t\t\t\t               <h3>NATALIA COLOM\u00c9<\/h3>\n\t\t\t\t               <span><\/span>\n\t\t\t\t            <\/div> <!-- .awsm-personal-info -->\n\t\t\t\t            <div class=\"awsm-contact-info\">\n\t\t\t\t                <p>Periodo: 2025-2029<\/p><div class=\"awsm-social-icons\"><span><a href=\"mailto:bloquepodemosazul@gmail.com\"><i class=\"awsm-icon-mail\" aria-hidden=\"true\"><\/i><\/a><\/span><\/div>\t\t\t\t            <\/div> <!-- .awsm-contact-info -->\n\t\t\t\t            \t\t\t\t         <\/figcaption>\n\t\t\t\t      <!-- <\/span> -->\n\t\t\t\t      <!-- .awsm-grid-holder -->\n\t\t\t\t   <\/figure>\n\t\t\t\t<\/div>\n\t\t\t\t\t\t\t<div id=\"awsm-member-1691-2544\" class=\"awsm-grid-card\">\n\t\t\t\t   <figure>\n\t\t\t\t      <!-- <span class=\"awsm-grid-holder\"> -->\n\t\t\t\t      \t\t\t\t\t         <img decoding=\"async\" src=\"https:\/\/concejodeliberantedeazul.gob.ar\/wp-content\/uploads\/2023\/12\/Consuelo-1-500x500.jpg\" alt=\"CONSUELO BURGOS\">\n\t\t\t\t        \t\t\t\t         <figcaption class=\"awsm-figcaption\">\n\t\t\t\t         \t\t\t\t\t            <div class=\"awsm-personal-info\">\n\t\t\t\t               <h3>CONSUELO BURGOS<\/h3>\n\t\t\t\t               <span>PRESIDENTE DE BLOQUE<\/span>\n\t\t\t\t            <\/div> <!-- .awsm-personal-info -->\n\t\t\t\t            <div class=\"awsm-contact-info\">\n\t\t\t\t                <p>Per\u00edodo 2023-2027<\/p>\t\t\t\t            <\/div> <!-- .awsm-contact-info -->\n\t\t\t\t            \t\t\t\t         <\/figcaption>\n\t\t\t\t      <!-- <\/span> -->\n\t\t\t\t      <!-- .awsm-grid-holder -->\n\t\t\t\t   <\/figure>\n\t\t\t\t<\/div>\n\t\t\t\t\t\t\t<div id=\"awsm-member-1691-1800\" class=\"awsm-grid-card\">\n\t\t\t\t   <figure>\n\t\t\t\t      <!-- <span class=\"awsm-grid-holder\"> -->\n\t\t\t\t      \t\t\t\t\t         <img decoding=\"async\" src=\"https:\/\/concejodeliberantedeazul.gob.ar\/wp-content\/uploads\/2022\/11\/Marchisio-500x500.jpg\" alt=\"LEOPOLDO MARCHISIO\">\n\t\t\t\t        \t\t\t\t         <figcaption class=\"awsm-figcaption\">\n\t\t\t\t         \t\t\t\t\t            <div class=\"awsm-personal-info\">\n\t\t\t\t               <h3>LEOPOLDO MARCHISIO<\/h3>\n\t\t\t\t               <span><\/span>\n\t\t\t\t            <\/div> <!-- .awsm-personal-info -->\n\t\t\t\t            <div class=\"awsm-contact-info\">\n\t\t\t\t                <p>Per\u00edodo: 2025-2029<\/p><div class=\"awsm-social-icons\"><span><a href=\"mailto:nuevoazul2023@gmail.com\"><i class=\"awsm-icon-mail\" aria-hidden=\"true\"><\/i><\/a><\/span><\/div>\t\t\t\t            <\/div> <!-- .awsm-contact-info -->\n\t\t\t\t            \t\t\t\t         <\/figcaption>\n\t\t\t\t      <!-- <\/span> -->\n\t\t\t\t      <!-- .awsm-grid-holder -->\n\t\t\t\t   <\/figure>\n\t\t\t\t<\/div>\n\t\t\t\t\t<\/div><!-- .grid -->\n\t\t<\/div><\/div>\n\t\t\t\t\t\t\t\t\t<div class=\"elementor-tab-title elementor-tab-mobile-title\" aria-selected=\"false\" data-tab=\"2\" role=\"tab\" tabindex=\"-1\" aria-controls=\"elementor-tab-content-3502\" aria-expanded=\"false\">UNI\u00d3N C\u00cdVICA RADICAL<\/div>\n\t\t\t\t\t<div id=\"elementor-tab-content-3502\" class=\"elementor-tab-content elementor-clearfix\" data-tab=\"2\" role=\"tabpanel\" aria-labelledby=\"elementor-tab-title-3502\" tabindex=\"0\" hidden=\"hidden\"><div id=\"awsm-team-1117\" class=\"awsm-grid-wrapper\">\n\t\t\t<div class=\"awsm-grid cards-style style-1 grid-4-col \">\n\t\t\t\t\t\t<div id=\"awsm-member-1117-2549\" class=\"awsm-grid-card\">\n\t\t\t\t   <figure>\n\t\t\t\t      <!-- <span class=\"awsm-grid-holder\"> -->\n\t\t\t\t      \t\t\t\t\t         <img decoding=\"async\" src=\"https:\/\/concejodeliberantedeazul.gob.ar\/wp-content\/uploads\/2023\/12\/Agustin-500x500.jpg\" alt=\"AGUST\u00cdN PUYOU\">\n\t\t\t\t        \t\t\t\t         <figcaption class=\"awsm-figcaption\">\n\t\t\t\t         \t\t\t\t\t            <div class=\"awsm-personal-info\">\n\t\t\t\t               <h3>AGUST\u00cdN PUYOU<\/h3>\n\t\t\t\t               <span>PRESIDENTE DE BLOQUE<\/span>\n\t\t\t\t            <\/div> <!-- .awsm-personal-info -->\n\t\t\t\t            <div class=\"awsm-contact-info\">\n\t\t\t\t                <p>Per\u00edodo 2023-2027<\/p>\t\t\t\t            <\/div> <!-- .awsm-contact-info -->\n\t\t\t\t            \t\t\t\t         <\/figcaption>\n\t\t\t\t      <!-- <\/span> -->\n\t\t\t\t      <!-- .awsm-grid-holder -->\n\t\t\t\t   <\/figure>\n\t\t\t\t<\/div>\n\t\t\t\t\t<\/div><!-- .grid -->\n\t\t<\/div><\/div>\n\t\t\t\t\t\t\t\t\t<div class=\"elementor-tab-title elementor-tab-mobile-title\" aria-selected=\"false\" data-tab=\"3\" role=\"tab\" tabindex=\"-1\" aria-controls=\"elementor-tab-content-3503\" aria-expanded=\"false\">FUERZA PATRIA<\/div>\n\t\t\t\t\t<div id=\"elementor-tab-content-3503\" class=\"elementor-tab-content elementor-clearfix\" data-tab=\"3\" role=\"tabpanel\" aria-labelledby=\"elementor-tab-title-3503\" tabindex=\"0\" hidden=\"hidden\"><div id=\"awsm-team-1116\" class=\"awsm-grid-wrapper\">\n\t\t\t<div class=\"awsm-grid cards-style style-1 grid-4-col \">\n\t\t\t\t\t\t<div id=\"awsm-member-1116-1032\" class=\"awsm-grid-card\">\n\t\t\t\t   <figure>\n\t\t\t\t      <!-- <span class=\"awsm-grid-holder\"> -->\n\t\t\t\t      \t\t\t\t\t         <img decoding=\"async\" src=\"https:\/\/concejodeliberantedeazul.gob.ar\/wp-content\/uploads\/2019\/12\/Gisela-Arbiza-500x500.jpg\" alt=\"GISELA ARBIZA\">\n\t\t\t\t        \t\t\t\t         <figcaption class=\"awsm-figcaption\">\n\t\t\t\t         \t\t\t\t\t            <div class=\"awsm-personal-info\">\n\t\t\t\t               <h3>GISELA ARBIZA<\/h3>\n\t\t\t\t               <span><\/span>\n\t\t\t\t            <\/div> <!-- .awsm-personal-info -->\n\t\t\t\t            <div class=\"awsm-contact-info\">\n\t\t\t\t                <p>Per\u00edodo 2025-2029<\/p>\t\t\t\t            <\/div> <!-- .awsm-contact-info -->\n\t\t\t\t            \t\t\t\t         <\/figcaption>\n\t\t\t\t      <!-- <\/span> -->\n\t\t\t\t      <!-- .awsm-grid-holder -->\n\t\t\t\t   <\/figure>\n\t\t\t\t<\/div>\n\t\t\t\t\t\t\t<div id=\"awsm-member-1116-2559\" class=\"awsm-grid-card\">\n\t\t\t\t   <figure>\n\t\t\t\t      <!-- <span class=\"awsm-grid-holder\"> -->\n\t\t\t\t      \t\t\t\t\t         <img decoding=\"async\" src=\"https:\/\/concejodeliberantedeazul.gob.ar\/wp-content\/uploads\/2023\/12\/Tonga-2-500x500.jpg\" alt=\"GAST\u00d3N BLANDO\">\n\t\t\t\t        \t\t\t\t         <figcaption class=\"awsm-figcaption\">\n\t\t\t\t         \t\t\t\t\t            <div class=\"awsm-personal-info\">\n\t\t\t\t               <h3>GAST\u00d3N BLANDO<\/h3>\n\t\t\t\t               <span><\/span>\n\t\t\t\t            <\/div> <!-- .awsm-personal-info -->\n\t\t\t\t            <div class=\"awsm-contact-info\">\n\t\t\t\t                <p>Per\u00edodo 2023-2027<\/p>\t\t\t\t            <\/div> <!-- .awsm-contact-info -->\n\t\t\t\t            \t\t\t\t         <\/figcaption>\n\t\t\t\t      <!-- <\/span> -->\n\t\t\t\t      <!-- .awsm-grid-holder -->\n\t\t\t\t   <\/figure>\n\t\t\t\t<\/div>\n\t\t\t\t\t\t\t<div id=\"awsm-member-1116-391\" class=\"awsm-grid-card\">\n\t\t\t\t   <figure>\n\t\t\t\t      <!-- <span class=\"awsm-grid-holder\"> -->\n\t\t\t\t      \t\t\t\t\t         <img decoding=\"async\" src=\"https:\/\/concejodeliberantedeazul.gob.ar\/wp-content\/uploads\/2019\/05\/Cecilia-500x500.jpg\" alt=\"CECILIA MART\u00cdNEZ\">\n\t\t\t\t        \t\t\t\t         <figcaption class=\"awsm-figcaption\">\n\t\t\t\t         \t\t\t\t\t            <div class=\"awsm-personal-info\">\n\t\t\t\t               <h3>CECILIA MART\u00cdNEZ<\/h3>\n\t\t\t\t               <span><\/span>\n\t\t\t\t            <\/div> <!-- .awsm-personal-info -->\n\t\t\t\t            <div class=\"awsm-contact-info\">\n\t\t\t\t                <p>Periodo 2023-2027<\/p><div class=\"awsm-social-icons\"><span><a href=\"mailto:bloqueucazul@gmail.com\"><i class=\"awsm-icon-mail\" aria-hidden=\"true\"><\/i><\/a><\/span><\/div>\t\t\t\t            <\/div> <!-- .awsm-contact-info -->\n\t\t\t\t            \t\t\t\t         <\/figcaption>\n\t\t\t\t      <!-- <\/span> -->\n\t\t\t\t      <!-- .awsm-grid-holder -->\n\t\t\t\t   <\/figure>\n\t\t\t\t<\/div>\n\t\t\t\t\t\t\t<div id=\"awsm-member-1116-1678\" class=\"awsm-grid-card\">\n\t\t\t\t   <figure>\n\t\t\t\t      <!-- <span class=\"awsm-grid-holder\"> -->\n\t\t\t\t      \t\t\t\t\t         <img decoding=\"async\" src=\"https:\/\/concejodeliberantedeazul.gob.ar\/wp-content\/uploads\/2022\/09\/Barbalarga-500x500.jpg\" alt=\"LAURA BARBALARGA\">\n\t\t\t\t        \t\t\t\t         <figcaption class=\"awsm-figcaption\">\n\t\t\t\t         \t\t\t\t\t            <div class=\"awsm-personal-info\">\n\t\t\t\t               <h3>LAURA BARBALARGA<\/h3>\n\t\t\t\t               <span>Per\u00edodo: 2025-2029<\/span>\n\t\t\t\t            <\/div> <!-- .awsm-personal-info -->\n\t\t\t\t            <div class=\"awsm-contact-info\">\n\t\t\t\t                <p>PRESIDENTE DE BLOQUE <\/p><div class=\"awsm-social-icons\"><span><a href=\"http:\/\/azulucrevoluci\u00f3n@gmail.com\" target=\"_blank\"><i class=\"awsm-icon-mail\" aria-hidden=\"true\"><\/i><\/a><\/span><\/div>\t\t\t\t            <\/div> <!-- .awsm-contact-info -->\n\t\t\t\t            \t\t\t\t         <\/figcaption>\n\t\t\t\t      <!-- <\/span> -->\n\t\t\t\t      <!-- .awsm-grid-holder -->\n\t\t\t\t   <\/figure>\n\t\t\t\t<\/div>\n\t\t\t\t\t\t\t<div id=\"awsm-member-1116-1676\" class=\"awsm-grid-card\">\n\t\t\t\t   <figure>\n\t\t\t\t      <!-- <span class=\"awsm-grid-holder\"> -->\n\t\t\t\t      \t\t\t\t\t         <img decoding=\"async\" src=\"https:\/\/concejodeliberantedeazul.gob.ar\/wp-content\/uploads\/2022\/09\/Labianca-500x500.jpg\" alt=\"ALEXIS LABIANCA\">\n\t\t\t\t        \t\t\t\t         <figcaption class=\"awsm-figcaption\">\n\t\t\t\t         \t\t\t\t\t            <div class=\"awsm-personal-info\">\n\t\t\t\t               <h3>ALEXIS LABIANCA<\/h3>\n\t\t\t\t               <span><\/span>\n\t\t\t\t            <\/div> <!-- .awsm-personal-info -->\n\t\t\t\t            <div class=\"awsm-contact-info\">\n\t\t\t\t                <p>Per\u00edodo: 2025-2029<\/p><div class=\"awsm-social-icons\"><span><a href=\"http:\/\/azulucrevoluci\u00f3n@gmail.com\" target=\"_blank\"><i class=\"awsm-icon-mail\" aria-hidden=\"true\"><\/i><\/a><\/span><\/div>\t\t\t\t            <\/div> <!-- .awsm-contact-info -->\n\t\t\t\t            \t\t\t\t         <\/figcaption>\n\t\t\t\t      <!-- <\/span> -->\n\t\t\t\t      <!-- .awsm-grid-holder -->\n\t\t\t\t   <\/figure>\n\t\t\t\t<\/div>\n\t\t\t\t\t\t\t<div id=\"awsm-member-1116-3582\" class=\"awsm-grid-card\">\n\t\t\t\t   <figure>\n\t\t\t\t      <!-- <span class=\"awsm-grid-holder\"> -->\n\t\t\t\t      \t\t\t\t\t         <img decoding=\"async\" src=\"https:\/\/concejodeliberantedeazul.gob.ar\/wp-content\/uploads\/2026\/01\/Matina-000-15-01-26-Foto-Hector-Garcia-500x500.jpg\" alt=\"DANIEL MATTINA\">\n\t\t\t\t        \t\t\t\t         <figcaption class=\"awsm-figcaption\">\n\t\t\t\t         \t\t\t\t\t            <div class=\"awsm-personal-info\">\n\t\t\t\t               <h3>DANIEL MATTINA<\/h3>\n\t\t\t\t               <span>Periodo: 2023-2027<\/span>\n\t\t\t\t            <\/div> <!-- .awsm-personal-info -->\n\t\t\t\t            <div class=\"awsm-contact-info\">\n\t\t\t\t                \t\t\t\t            <\/div> <!-- .awsm-contact-info -->\n\t\t\t\t            \t\t\t\t         <\/figcaption>\n\t\t\t\t      <!-- <\/span> -->\n\t\t\t\t      <!-- .awsm-grid-holder -->\n\t\t\t\t   <\/figure>\n\t\t\t\t<\/div>\n\t\t\t\t\t<\/div><!-- .grid -->\n\t\t<\/div><\/div>\n\t\t\t\t\t\t\t\t\t<div class=\"elementor-tab-title elementor-tab-mobile-title\" aria-selected=\"false\" data-tab=\"4\" role=\"tab\" tabindex=\"-1\" aria-controls=\"elementor-tab-content-3504\" aria-expanded=\"false\">GEN<\/div>\n\t\t\t\t\t<div id=\"elementor-tab-content-3504\" class=\"elementor-tab-content elementor-clearfix\" data-tab=\"4\" role=\"tabpanel\" aria-labelledby=\"elementor-tab-title-3504\" tabindex=\"0\" hidden=\"hidden\"><div id=\"awsm-team-371\" class=\"awsm-grid-wrapper\">\n\t\t\t<div class=\"awsm-grid cards-style style-1 grid-4-col \">\n\t\t\t\t\t\t<div id=\"awsm-member-371-2546\" class=\"awsm-grid-card\">\n\t\t\t\t   <figure>\n\t\t\t\t      <!-- <span class=\"awsm-grid-holder\"> -->\n\t\t\t\t      \t\t\t\t\t         <img decoding=\"async\" src=\"https:\/\/concejodeliberantedeazul.gob.ar\/wp-content\/uploads\/2023\/12\/IMG_20250321_110722320-500x500.jpg\" alt=\"GAST\u00d3N DE DOMINICIS\">\n\t\t\t\t        \t\t\t\t         <figcaption class=\"awsm-figcaption\">\n\t\t\t\t         \t\t\t\t\t            <div class=\"awsm-personal-info\">\n\t\t\t\t               <h3>GAST\u00d3N DE DOMINICIS<\/h3>\n\t\t\t\t               <span>PRESIDENTE DE BLOQUE<\/span>\n\t\t\t\t            <\/div> <!-- .awsm-personal-info -->\n\t\t\t\t            <div class=\"awsm-contact-info\">\n\t\t\t\t                <p>Per\u00edodo 2023-2027<\/p>\t\t\t\t            <\/div> <!-- .awsm-contact-info -->\n\t\t\t\t            \t\t\t\t         <\/figcaption>\n\t\t\t\t      <!-- <\/span> -->\n\t\t\t\t      <!-- .awsm-grid-holder -->\n\t\t\t\t   <\/figure>\n\t\t\t\t<\/div>\n\t\t\t\t\t<\/div><!-- .grid -->\n\t\t<\/div><\/div>\n\t\t\t\t\t\t\t\t\t<div class=\"elementor-tab-title elementor-tab-mobile-title\" aria-selected=\"false\" data-tab=\"5\" role=\"tab\" tabindex=\"-1\" aria-controls=\"elementor-tab-content-3505\" aria-expanded=\"false\">LA LIBERTAD AVANZA<\/div>\n\t\t\t\t\t<div id=\"elementor-tab-content-3505\" class=\"elementor-tab-content elementor-clearfix\" data-tab=\"5\" role=\"tabpanel\" aria-labelledby=\"elementor-tab-title-3505\" tabindex=\"0\" hidden=\"hidden\"><div id=\"awsm-team-1883\" class=\"awsm-grid-wrapper\">\n\t\t\t<div class=\"awsm-grid cards-style style-1 grid-4-col \">\n\t\t\t\t\t\t<div id=\"awsm-member-1883-2555\" class=\"awsm-grid-card\">\n\t\t\t\t   <figure>\n\t\t\t\t      <!-- <span class=\"awsm-grid-holder\"> -->\n\t\t\t\t      \t\t\t\t\t         <img decoding=\"async\" src=\"https:\/\/concejodeliberantedeazul.gob.ar\/wp-content\/uploads\/2023\/12\/Saul-Lucero-500x500.jpg\" alt=\"SA\u00daL LUCERO\">\n\t\t\t\t        \t\t\t\t         <figcaption class=\"awsm-figcaption\">\n\t\t\t\t         \t\t\t\t\t            <div class=\"awsm-personal-info\">\n\t\t\t\t               <h3>SA\u00daL LUCERO<\/h3>\n\t\t\t\t               <span><\/span>\n\t\t\t\t            <\/div> <!-- .awsm-personal-info -->\n\t\t\t\t            <div class=\"awsm-contact-info\">\n\t\t\t\t                <p>Per\u00edodo 2023-2027<\/p>\t\t\t\t            <\/div> <!-- .awsm-contact-info -->\n\t\t\t\t            \t\t\t\t         <\/figcaption>\n\t\t\t\t      <!-- <\/span> -->\n\t\t\t\t      <!-- .awsm-grid-holder -->\n\t\t\t\t   <\/figure>\n\t\t\t\t<\/div>\n\t\t\t\t\t\t\t<div id=\"awsm-member-1883-2553\" class=\"awsm-grid-card\">\n\t\t\t\t   <figure>\n\t\t\t\t      <!-- <span class=\"awsm-grid-holder\"> -->\n\t\t\t\t      \t\t\t\t\t         <img decoding=\"async\" src=\"https:\/\/concejodeliberantedeazul.gob.ar\/wp-content\/uploads\/2023\/12\/Andrea-Barcelo-1-500x500.jpg\" alt=\"ANDREA BARCEL\u00d3\">\n\t\t\t\t        \t\t\t\t         <figcaption class=\"awsm-figcaption\">\n\t\t\t\t         \t\t\t\t\t            <div class=\"awsm-personal-info\">\n\t\t\t\t               <h3>ANDREA BARCEL\u00d3<\/h3>\n\t\t\t\t               <span><\/span>\n\t\t\t\t            <\/div> <!-- .awsm-personal-info -->\n\t\t\t\t            <div class=\"awsm-contact-info\">\n\t\t\t\t                <p>Per\u00edodo 2023-2027<\/p>\t\t\t\t            <\/div> <!-- .awsm-contact-info -->\n\t\t\t\t            \t\t\t\t         <\/figcaption>\n\t\t\t\t      <!-- <\/span> -->\n\t\t\t\t      <!-- .awsm-grid-holder -->\n\t\t\t\t   <\/figure>\n\t\t\t\t<\/div>\n\t\t\t\t\t\t\t<div id=\"awsm-member-1883-2739\" class=\"awsm-grid-card\">\n\t\t\t\t   <figure>\n\t\t\t\t      <!-- <span class=\"awsm-grid-holder\"> -->\n\t\t\t\t      \t\t\t\t\t         <img decoding=\"async\" src=\"https:\/\/concejodeliberantedeazul.gob.ar\/wp-content\/uploads\/2024\/03\/Virginia-Torres-500x500.jpg\" alt=\"VIRGINIA TORRES\">\n\t\t\t\t        \t\t\t\t         <figcaption class=\"awsm-figcaption\">\n\t\t\t\t         \t\t\t\t\t            <div class=\"awsm-personal-info\">\n\t\t\t\t               <h3>VIRGINIA TORRES<\/h3>\n\t\t\t\t               <span>Per\u00edodo 2023-2027<\/span>\n\t\t\t\t            <\/div> <!-- .awsm-personal-info -->\n\t\t\t\t            <div class=\"awsm-contact-info\">\n\t\t\t\t                \t\t\t\t            <\/div> <!-- .awsm-contact-info -->\n\t\t\t\t            \t\t\t\t         <\/figcaption>\n\t\t\t\t      <!-- <\/span> -->\n\t\t\t\t      <!-- .awsm-grid-holder -->\n\t\t\t\t   <\/figure>\n\t\t\t\t<\/div>\n\t\t\t\t\t\t\t<div id=\"awsm-member-1883-1672\" class=\"awsm-grid-card\">\n\t\t\t\t   <figure>\n\t\t\t\t      <!-- <span class=\"awsm-grid-holder\"> -->\n\t\t\t\t      \t\t\t\t\t         <img decoding=\"async\" src=\"https:\/\/concejodeliberantedeazul.gob.ar\/wp-content\/uploads\/2022\/09\/Luis-500x500.jpg\" alt=\"LUIS HOURSOURIPE\">\n\t\t\t\t        \t\t\t\t         <figcaption class=\"awsm-figcaption\">\n\t\t\t\t         \t\t\t\t\t            <div class=\"awsm-personal-info\">\n\t\t\t\t               <h3>LUIS HOURSOURIPE<\/h3>\n\t\t\t\t               <span>PRESIDENTE DE BLOQUE<\/span>\n\t\t\t\t            <\/div> <!-- .awsm-personal-info -->\n\t\t\t\t            <div class=\"awsm-contact-info\">\n\t\t\t\t                <p>Periodo: 2025-2029<\/p><div class=\"awsm-social-icons\"><span><a href=\"mailto:bloquepodemosazul@gmail.com\"><i class=\"awsm-icon-mail\" aria-hidden=\"true\"><\/i><\/a><\/span><\/div>\t\t\t\t            <\/div> <!-- .awsm-contact-info -->\n\t\t\t\t            \t\t\t\t         <\/figcaption>\n\t\t\t\t      <!-- <\/span> -->\n\t\t\t\t      <!-- .awsm-grid-holder -->\n\t\t\t\t   <\/figure>\n\t\t\t\t<\/div>\n\t\t\t\t\t\t\t<div id=\"awsm-member-1883-1668\" class=\"awsm-grid-card\">\n\t\t\t\t   <figure>\n\t\t\t\t      <!-- <span class=\"awsm-grid-holder\"> -->\n\t\t\t\t      \t\t\t\t\t         <img decoding=\"async\" src=\"https:\/\/concejodeliberantedeazul.gob.ar\/wp-content\/uploads\/2022\/09\/Piancioli-500x500.jpg\" alt=\"MAGALI PIANCIOLI\">\n\t\t\t\t        \t\t\t\t         <figcaption class=\"awsm-figcaption\">\n\t\t\t\t         \t\t\t\t\t            <div class=\"awsm-personal-info\">\n\t\t\t\t               <h3>MAGALI PIANCIOLI<\/h3>\n\t\t\t\t               <span>Periodo: 2025-2029<\/span>\n\t\t\t\t            <\/div> <!-- .awsm-personal-info -->\n\t\t\t\t            <div class=\"awsm-contact-info\">\n\t\t\t\t                <div class=\"awsm-social-icons\"><span><a href=\"mailto:bloqueucazul@gmail.com\"><i class=\"awsm-icon-mail\" aria-hidden=\"true\"><\/i><\/a><\/span><\/div>\t\t\t\t            <\/div> <!-- .awsm-contact-info -->\n\t\t\t\t            \t\t\t\t         <\/figcaption>\n\t\t\t\t      <!-- <\/span> -->\n\t\t\t\t      <!-- .awsm-grid-holder -->\n\t\t\t\t   <\/figure>\n\t\t\t\t<\/div>\n\t\t\t\t\t\t\t<div id=\"awsm-member-1883-3544\" class=\"awsm-grid-card\">\n\t\t\t\t   <figure>\n\t\t\t\t      <!-- <span class=\"awsm-grid-holder\"> -->\n\t\t\t\t      \t\t\t\t\t         <img decoding=\"async\" src=\"https:\/\/concejodeliberantedeazul.gob.ar\/wp-content\/uploads\/2023\/12\/Leon-500x500.jpg\" alt=\"JUAN IGNACIO FURIASSE\">\n\t\t\t\t        \t\t\t\t         <figcaption class=\"awsm-figcaption\">\n\t\t\t\t         \t\t\t\t\t            <div class=\"awsm-personal-info\">\n\t\t\t\t               <h3>JUAN IGNACIO FURIASSE<\/h3>\n\t\t\t\t               <span><\/span>\n\t\t\t\t            <\/div> <!-- .awsm-personal-info -->\n\t\t\t\t            <div class=\"awsm-contact-info\">\n\t\t\t\t                \t\t\t\t            <\/div> <!-- .awsm-contact-info -->\n\t\t\t\t            \t\t\t\t         <\/figcaption>\n\t\t\t\t      <!-- <\/span> -->\n\t\t\t\t      <!-- .awsm-grid-holder -->\n\t\t\t\t   <\/figure>\n\t\t\t\t<\/div>\n\t\t\t\t\t<\/div><!-- .grid -->\n\t\t<\/div><\/div>\n\t\t\t\t\t\t\t\t\t<div class=\"elementor-tab-title elementor-tab-mobile-title\" aria-selected=\"false\" data-tab=\"6\" role=\"tab\" tabindex=\"-1\" aria-controls=\"elementor-tab-content-3506\" aria-expanded=\"false\">PRO AZUL<\/div>\n\t\t\t\t\t<div id=\"elementor-tab-content-3506\" class=\"elementor-tab-content elementor-clearfix\" data-tab=\"6\" role=\"tabpanel\" aria-labelledby=\"elementor-tab-title-3506\" tabindex=\"0\" hidden=\"hidden\"><div id=\"awsm-team-1794\" class=\"awsm-grid-wrapper\">\n\t\t\t<div class=\"awsm-grid cards-style style-1 grid-4-col \">\n\t\t\t\t\t\t<div id=\"awsm-member-1794-1674\" class=\"awsm-grid-card\">\n\t\t\t\t   <figure>\n\t\t\t\t      <!-- <span class=\"awsm-grid-holder\"> -->\n\t\t\t\t      \t\t\t\t\t         <img decoding=\"async\" src=\"https:\/\/concejodeliberantedeazul.gob.ar\/wp-content\/uploads\/2022\/09\/Elicabide-500x500.jpg\" alt=\"AZUL ELICABIDE\">\n\t\t\t\t        \t\t\t\t         <figcaption class=\"awsm-figcaption\">\n\t\t\t\t         \t\t\t\t\t            <div class=\"awsm-personal-info\">\n\t\t\t\t               <h3>AZUL ELICABIDE<\/h3>\n\t\t\t\t               <span>PRESIDENTE DE BLOQUE<\/span>\n\t\t\t\t            <\/div> <!-- .awsm-personal-info -->\n\t\t\t\t            <div class=\"awsm-contact-info\">\n\t\t\t\t                <p>Periodo: 2025-2029<\/p><div class=\"awsm-social-icons\"><span><a href=\"mailto:bloquepodemosazul@gmail.com\"><i class=\"awsm-icon-mail\" aria-hidden=\"true\"><\/i><\/a><\/span><\/div>\t\t\t\t            <\/div> <!-- .awsm-contact-info -->\n\t\t\t\t            \t\t\t\t         <\/figcaption>\n\t\t\t\t      <!-- <\/span> -->\n\t\t\t\t      <!-- .awsm-grid-holder -->\n\t\t\t\t   <\/figure>\n\t\t\t\t<\/div>\n\t\t\t\t\t<\/div><!-- .grid -->\n\t\t<\/div><\/div>\n\t\t\t\t\t\t\t<\/div>\n\t\t<\/div>\n\t\t\t\t\t\t<\/div>\n\t\t\t\t<\/div>\n\t\t\t\t\t<\/div>\n\t\t<\/div>\n\t\t\t\t\t<\/div>\n\t\t<\/section>\n\t\t\t\t<section class=\"elementor-section elementor-top-section elementor-element elementor-element-cf299e0 elementor-section-boxed elementor-section-height-default elementor-section-height-default\" data-id=\"cf299e0\" data-element_type=\"section\" data-e-type=\"section\">\n\t\t\t\t\t\t<div class=\"elementor-container elementor-column-gap-default\">\n\t\t\t\t\t<div class=\"elementor-column elementor-col-100 elementor-top-column elementor-element elementor-element-86cff09\" data-id=\"86cff09\" data-element_type=\"column\" data-e-type=\"column\">\n\t\t\t<div class=\"elementor-widget-wrap elementor-element-populated\">\n\t\t\t\t\t\t<div class=\"elementor-element elementor-element-bc09e51 elementor-hidden-desktop elementor-widget elementor-widget-accordion\" data-id=\"bc09e51\" data-element_type=\"widget\" data-e-type=\"widget\" data-widget_type=\"accordion.default\">\n\t\t\t\t<div class=\"elementor-widget-container\">\n\t\t\t\t\t\t\t<div class=\"elementor-accordion\">\n\t\t\t\t\t\t\t<div class=\"elementor-accordion-item\">\n\t\t\t\t\t<div id=\"elementor-tab-title-1971\" class=\"elementor-tab-title\" data-tab=\"1\" role=\"button\" aria-controls=\"elementor-tab-content-1971\" aria-expanded=\"false\">\n\t\t\t\t\t\t\t\t\t\t\t\t\t<span class=\"elementor-accordion-icon elementor-accordion-icon-left\" aria-hidden=\"true\">\n\t\t\t\t\t\t\t\t\t\t\t\t\t\t\t<span class=\"elementor-accordion-icon-closed\"><i class=\"fas fa-plus\"><\/i><\/span>\n\t\t\t\t\t\t\t\t<span class=\"elementor-accordion-icon-opened\"><i class=\"fas fa-minus\"><\/i><\/span>\n\t\t\t\t\t\t\t\t\t\t\t\t\t\t<\/span>\n\t\t\t\t\t\t\t\t\t\t\t\t<a class=\"elementor-accordion-title\" tabindex=\"0\">SOMOS BUENOS AIRES<\/a>\n\t\t\t\t\t<\/div>\n\t\t\t\t\t<div id=\"elementor-tab-content-1971\" class=\"elementor-tab-content elementor-clearfix\" data-tab=\"1\" role=\"region\" aria-labelledby=\"elementor-tab-title-1971\"><div id=\"awsm-team-1691\" class=\"awsm-grid-wrapper\">\n\t\t\t<div class=\"awsm-grid cards-style style-1 grid-4-col \">\n\t\t\t\t\t\t<div id=\"awsm-member-1691-1670\" class=\"awsm-grid-card\">\n\t\t\t\t   <figure>\n\t\t\t\t      <!-- <span class=\"awsm-grid-holder\"> -->\n\t\t\t\t      \t\t\t\t\t         <img decoding=\"async\" src=\"https:\/\/concejodeliberantedeazul.gob.ar\/wp-content\/uploads\/2022\/09\/Nati-500x500.jpg\" alt=\"NATALIA COLOM\u00c9\">\n\t\t\t\t        \t\t\t\t         <figcaption class=\"awsm-figcaption\">\n\t\t\t\t         \t\t\t\t\t            <div class=\"awsm-personal-info\">\n\t\t\t\t               <h3>NATALIA COLOM\u00c9<\/h3>\n\t\t\t\t               <span><\/span>\n\t\t\t\t            <\/div> <!-- .awsm-personal-info -->\n\t\t\t\t            <div class=\"awsm-contact-info\">\n\t\t\t\t                <p>Periodo: 2025-2029<\/p><div class=\"awsm-social-icons\"><span><a href=\"mailto:bloquepodemosazul@gmail.com\"><i class=\"awsm-icon-mail\" aria-hidden=\"true\"><\/i><\/a><\/span><\/div>\t\t\t\t            <\/div> <!-- .awsm-contact-info -->\n\t\t\t\t            \t\t\t\t         <\/figcaption>\n\t\t\t\t      <!-- <\/span> -->\n\t\t\t\t      <!-- .awsm-grid-holder -->\n\t\t\t\t   <\/figure>\n\t\t\t\t<\/div>\n\t\t\t\t\t\t\t<div id=\"awsm-member-1691-2544\" class=\"awsm-grid-card\">\n\t\t\t\t   <figure>\n\t\t\t\t      <!-- <span class=\"awsm-grid-holder\"> -->\n\t\t\t\t      \t\t\t\t\t         <img decoding=\"async\" src=\"https:\/\/concejodeliberantedeazul.gob.ar\/wp-content\/uploads\/2023\/12\/Consuelo-1-500x500.jpg\" alt=\"CONSUELO BURGOS\">\n\t\t\t\t        \t\t\t\t         <figcaption class=\"awsm-figcaption\">\n\t\t\t\t         \t\t\t\t\t            <div class=\"awsm-personal-info\">\n\t\t\t\t               <h3>CONSUELO BURGOS<\/h3>\n\t\t\t\t               <span>PRESIDENTE DE BLOQUE<\/span>\n\t\t\t\t            <\/div> <!-- .awsm-personal-info -->\n\t\t\t\t            <div class=\"awsm-contact-info\">\n\t\t\t\t                <p>Per\u00edodo 2023-2027<\/p>\t\t\t\t            <\/div> <!-- .awsm-contact-info -->\n\t\t\t\t            \t\t\t\t         <\/figcaption>\n\t\t\t\t      <!-- <\/span> -->\n\t\t\t\t      <!-- .awsm-grid-holder -->\n\t\t\t\t   <\/figure>\n\t\t\t\t<\/div>\n\t\t\t\t\t\t\t<div id=\"awsm-member-1691-1800\" class=\"awsm-grid-card\">\n\t\t\t\t   <figure>\n\t\t\t\t      <!-- <span class=\"awsm-grid-holder\"> -->\n\t\t\t\t      \t\t\t\t\t         <img decoding=\"async\" src=\"https:\/\/concejodeliberantedeazul.gob.ar\/wp-content\/uploads\/2022\/11\/Marchisio-500x500.jpg\" alt=\"LEOPOLDO MARCHISIO\">\n\t\t\t\t        \t\t\t\t         <figcaption class=\"awsm-figcaption\">\n\t\t\t\t         \t\t\t\t\t            <div class=\"awsm-personal-info\">\n\t\t\t\t               <h3>LEOPOLDO MARCHISIO<\/h3>\n\t\t\t\t               <span><\/span>\n\t\t\t\t            <\/div> <!-- .awsm-personal-info -->\n\t\t\t\t            <div class=\"awsm-contact-info\">\n\t\t\t\t                <p>Per\u00edodo: 2025-2029<\/p><div class=\"awsm-social-icons\"><span><a href=\"mailto:nuevoazul2023@gmail.com\"><i class=\"awsm-icon-mail\" aria-hidden=\"true\"><\/i><\/a><\/span><\/div>\t\t\t\t            <\/div> <!-- .awsm-contact-info -->\n\t\t\t\t            \t\t\t\t         <\/figcaption>\n\t\t\t\t      <!-- <\/span> -->\n\t\t\t\t      <!-- .awsm-grid-holder -->\n\t\t\t\t   <\/figure>\n\t\t\t\t<\/div>\n\t\t\t\t\t<\/div><!-- .grid -->\n\t\t<\/div><\/div>\n\t\t\t\t<\/div>\n\t\t\t\t\t\t\t<div class=\"elementor-accordion-item\">\n\t\t\t\t\t<div id=\"elementor-tab-title-1972\" class=\"elementor-tab-title\" data-tab=\"2\" role=\"button\" aria-controls=\"elementor-tab-content-1972\" aria-expanded=\"false\">\n\t\t\t\t\t\t\t\t\t\t\t\t\t<span class=\"elementor-accordion-icon elementor-accordion-icon-left\" aria-hidden=\"true\">\n\t\t\t\t\t\t\t\t\t\t\t\t\t\t\t<span class=\"elementor-accordion-icon-closed\"><i class=\"fas fa-plus\"><\/i><\/span>\n\t\t\t\t\t\t\t\t<span class=\"elementor-accordion-icon-opened\"><i class=\"fas fa-minus\"><\/i><\/span>\n\t\t\t\t\t\t\t\t\t\t\t\t\t\t<\/span>\n\t\t\t\t\t\t\t\t\t\t\t\t<a class=\"elementor-accordion-title\" tabindex=\"0\">UNI\u00d3N C\u00cdVICA RADICAL<\/a>\n\t\t\t\t\t<\/div>\n\t\t\t\t\t<div id=\"elementor-tab-content-1972\" class=\"elementor-tab-content elementor-clearfix\" data-tab=\"2\" role=\"region\" aria-labelledby=\"elementor-tab-title-1972\"><div id=\"awsm-team-1117\" class=\"awsm-grid-wrapper\">\n\t\t\t<div class=\"awsm-grid cards-style style-1 grid-4-col \">\n\t\t\t\t\t\t<div id=\"awsm-member-1117-2549\" class=\"awsm-grid-card\">\n\t\t\t\t   <figure>\n\t\t\t\t      <!-- <span class=\"awsm-grid-holder\"> -->\n\t\t\t\t      \t\t\t\t\t         <img decoding=\"async\" src=\"https:\/\/concejodeliberantedeazul.gob.ar\/wp-content\/uploads\/2023\/12\/Agustin-500x500.jpg\" alt=\"AGUST\u00cdN PUYOU\">\n\t\t\t\t        \t\t\t\t         <figcaption class=\"awsm-figcaption\">\n\t\t\t\t         \t\t\t\t\t            <div class=\"awsm-personal-info\">\n\t\t\t\t               <h3>AGUST\u00cdN PUYOU<\/h3>\n\t\t\t\t               <span>PRESIDENTE DE BLOQUE<\/span>\n\t\t\t\t            <\/div> <!-- .awsm-personal-info -->\n\t\t\t\t            <div class=\"awsm-contact-info\">\n\t\t\t\t                <p>Per\u00edodo 2023-2027<\/p>\t\t\t\t            <\/div> <!-- .awsm-contact-info -->\n\t\t\t\t            \t\t\t\t         <\/figcaption>\n\t\t\t\t      <!-- <\/span> -->\n\t\t\t\t      <!-- .awsm-grid-holder -->\n\t\t\t\t   <\/figure>\n\t\t\t\t<\/div>\n\t\t\t\t\t<\/div><!-- .grid -->\n\t\t<\/div><\/div>\n\t\t\t\t<\/div>\n\t\t\t\t\t\t\t<div class=\"elementor-accordion-item\">\n\t\t\t\t\t<div id=\"elementor-tab-title-1973\" class=\"elementor-tab-title\" data-tab=\"3\" role=\"button\" aria-controls=\"elementor-tab-content-1973\" aria-expanded=\"false\">\n\t\t\t\t\t\t\t\t\t\t\t\t\t<span class=\"elementor-accordion-icon elementor-accordion-icon-left\" aria-hidden=\"true\">\n\t\t\t\t\t\t\t\t\t\t\t\t\t\t\t<span class=\"elementor-accordion-icon-closed\"><i class=\"fas fa-plus\"><\/i><\/span>\n\t\t\t\t\t\t\t\t<span class=\"elementor-accordion-icon-opened\"><i class=\"fas fa-minus\"><\/i><\/span>\n\t\t\t\t\t\t\t\t\t\t\t\t\t\t<\/span>\n\t\t\t\t\t\t\t\t\t\t\t\t<a class=\"elementor-accordion-title\" tabindex=\"0\">FUERZA PATRIA<\/a>\n\t\t\t\t\t<\/div>\n\t\t\t\t\t<div id=\"elementor-tab-content-1973\" class=\"elementor-tab-content elementor-clearfix\" data-tab=\"3\" role=\"region\" aria-labelledby=\"elementor-tab-title-1973\"><div id=\"awsm-team-1116\" class=\"awsm-grid-wrapper\">\n\t\t\t<div class=\"awsm-grid cards-style style-1 grid-4-col \">\n\t\t\t\t\t\t<div id=\"awsm-member-1116-1032\" class=\"awsm-grid-card\">\n\t\t\t\t   <figure>\n\t\t\t\t      <!-- <span class=\"awsm-grid-holder\"> -->\n\t\t\t\t      \t\t\t\t\t         <img decoding=\"async\" src=\"https:\/\/concejodeliberantedeazul.gob.ar\/wp-content\/uploads\/2019\/12\/Gisela-Arbiza-500x500.jpg\" alt=\"GISELA ARBIZA\">\n\t\t\t\t        \t\t\t\t         <figcaption class=\"awsm-figcaption\">\n\t\t\t\t         \t\t\t\t\t            <div class=\"awsm-personal-info\">\n\t\t\t\t               <h3>GISELA ARBIZA<\/h3>\n\t\t\t\t               <span><\/span>\n\t\t\t\t            <\/div> <!-- .awsm-personal-info -->\n\t\t\t\t            <div class=\"awsm-contact-info\">\n\t\t\t\t                <p>Per\u00edodo 2025-2029<\/p>\t\t\t\t            <\/div> <!-- .awsm-contact-info -->\n\t\t\t\t            \t\t\t\t         <\/figcaption>\n\t\t\t\t      <!-- <\/span> -->\n\t\t\t\t      <!-- .awsm-grid-holder -->\n\t\t\t\t   <\/figure>\n\t\t\t\t<\/div>\n\t\t\t\t\t\t\t<div id=\"awsm-member-1116-2559\" class=\"awsm-grid-card\">\n\t\t\t\t   <figure>\n\t\t\t\t      <!-- <span class=\"awsm-grid-holder\"> -->\n\t\t\t\t      \t\t\t\t\t         <img decoding=\"async\" src=\"https:\/\/concejodeliberantedeazul.gob.ar\/wp-content\/uploads\/2023\/12\/Tonga-2-500x500.jpg\" alt=\"GAST\u00d3N BLANDO\">\n\t\t\t\t        \t\t\t\t         <figcaption class=\"awsm-figcaption\">\n\t\t\t\t         \t\t\t\t\t            <div class=\"awsm-personal-info\">\n\t\t\t\t               <h3>GAST\u00d3N BLANDO<\/h3>\n\t\t\t\t               <span><\/span>\n\t\t\t\t            <\/div> <!-- .awsm-personal-info -->\n\t\t\t\t            <div class=\"awsm-contact-info\">\n\t\t\t\t                <p>Per\u00edodo 2023-2027<\/p>\t\t\t\t            <\/div> <!-- .awsm-contact-info -->\n\t\t\t\t            \t\t\t\t         <\/figcaption>\n\t\t\t\t      <!-- <\/span> -->\n\t\t\t\t      <!-- .awsm-grid-holder -->\n\t\t\t\t   <\/figure>\n\t\t\t\t<\/div>\n\t\t\t\t\t\t\t<div id=\"awsm-member-1116-391\" class=\"awsm-grid-card\">\n\t\t\t\t   <figure>\n\t\t\t\t      <!-- <span class=\"awsm-grid-holder\"> -->\n\t\t\t\t      \t\t\t\t\t         <img decoding=\"async\" src=\"https:\/\/concejodeliberantedeazul.gob.ar\/wp-content\/uploads\/2019\/05\/Cecilia-500x500.jpg\" alt=\"CECILIA MART\u00cdNEZ\">\n\t\t\t\t        \t\t\t\t         <figcaption class=\"awsm-figcaption\">\n\t\t\t\t         \t\t\t\t\t            <div class=\"awsm-personal-info\">\n\t\t\t\t               <h3>CECILIA MART\u00cdNEZ<\/h3>\n\t\t\t\t               <span><\/span>\n\t\t\t\t            <\/div> <!-- .awsm-personal-info -->\n\t\t\t\t            <div class=\"awsm-contact-info\">\n\t\t\t\t                <p>Periodo 2023-2027<\/p><div class=\"awsm-social-icons\"><span><a href=\"mailto:bloqueucazul@gmail.com\"><i class=\"awsm-icon-mail\" aria-hidden=\"true\"><\/i><\/a><\/span><\/div>\t\t\t\t            <\/div> <!-- .awsm-contact-info -->\n\t\t\t\t            \t\t\t\t         <\/figcaption>\n\t\t\t\t      <!-- <\/span> -->\n\t\t\t\t      <!-- .awsm-grid-holder -->\n\t\t\t\t   <\/figure>\n\t\t\t\t<\/div>\n\t\t\t\t\t\t\t<div id=\"awsm-member-1116-1678\" class=\"awsm-grid-card\">\n\t\t\t\t   <figure>\n\t\t\t\t      <!-- <span class=\"awsm-grid-holder\"> -->\n\t\t\t\t      \t\t\t\t\t         <img decoding=\"async\" src=\"https:\/\/concejodeliberantedeazul.gob.ar\/wp-content\/uploads\/2022\/09\/Barbalarga-500x500.jpg\" alt=\"LAURA BARBALARGA\">\n\t\t\t\t        \t\t\t\t         <figcaption class=\"awsm-figcaption\">\n\t\t\t\t         \t\t\t\t\t            <div class=\"awsm-personal-info\">\n\t\t\t\t               <h3>LAURA BARBALARGA<\/h3>\n\t\t\t\t               <span>Per\u00edodo: 2025-2029<\/span>\n\t\t\t\t            <\/div> <!-- .awsm-personal-info -->\n\t\t\t\t            <div class=\"awsm-contact-info\">\n\t\t\t\t                <p>PRESIDENTE DE BLOQUE <\/p><div class=\"awsm-social-icons\"><span><a href=\"http:\/\/azulucrevoluci\u00f3n@gmail.com\" target=\"_blank\"><i class=\"awsm-icon-mail\" aria-hidden=\"true\"><\/i><\/a><\/span><\/div>\t\t\t\t            <\/div> <!-- .awsm-contact-info -->\n\t\t\t\t            \t\t\t\t         <\/figcaption>\n\t\t\t\t      <!-- <\/span> -->\n\t\t\t\t      <!-- .awsm-grid-holder -->\n\t\t\t\t   <\/figure>\n\t\t\t\t<\/div>\n\t\t\t\t\t\t\t<div id=\"awsm-member-1116-1676\" class=\"awsm-grid-card\">\n\t\t\t\t   <figure>\n\t\t\t\t      <!-- <span class=\"awsm-grid-holder\"> -->\n\t\t\t\t      \t\t\t\t\t         <img decoding=\"async\" src=\"https:\/\/concejodeliberantedeazul.gob.ar\/wp-content\/uploads\/2022\/09\/Labianca-500x500.jpg\" alt=\"ALEXIS LABIANCA\">\n\t\t\t\t        \t\t\t\t         <figcaption class=\"awsm-figcaption\">\n\t\t\t\t         \t\t\t\t\t            <div class=\"awsm-personal-info\">\n\t\t\t\t               <h3>ALEXIS LABIANCA<\/h3>\n\t\t\t\t               <span><\/span>\n\t\t\t\t            <\/div> <!-- .awsm-personal-info -->\n\t\t\t\t            <div class=\"awsm-contact-info\">\n\t\t\t\t                <p>Per\u00edodo: 2025-2029<\/p><div class=\"awsm-social-icons\"><span><a href=\"http:\/\/azulucrevoluci\u00f3n@gmail.com\" target=\"_blank\"><i class=\"awsm-icon-mail\" aria-hidden=\"true\"><\/i><\/a><\/span><\/div>\t\t\t\t            <\/div> <!-- .awsm-contact-info -->\n\t\t\t\t            \t\t\t\t         <\/figcaption>\n\t\t\t\t      <!-- <\/span> -->\n\t\t\t\t      <!-- .awsm-grid-holder -->\n\t\t\t\t   <\/figure>\n\t\t\t\t<\/div>\n\t\t\t\t\t\t\t<div id=\"awsm-member-1116-3582\" class=\"awsm-grid-card\">\n\t\t\t\t   <figure>\n\t\t\t\t      <!-- <span class=\"awsm-grid-holder\"> -->\n\t\t\t\t      \t\t\t\t\t         <img decoding=\"async\" src=\"https:\/\/concejodeliberantedeazul.gob.ar\/wp-content\/uploads\/2026\/01\/Matina-000-15-01-26-Foto-Hector-Garcia-500x500.jpg\" alt=\"DANIEL MATTINA\">\n\t\t\t\t        \t\t\t\t         <figcaption class=\"awsm-figcaption\">\n\t\t\t\t         \t\t\t\t\t            <div class=\"awsm-personal-info\">\n\t\t\t\t               <h3>DANIEL MATTINA<\/h3>\n\t\t\t\t               <span>Periodo: 2023-2027<\/span>\n\t\t\t\t            <\/div> <!-- .awsm-personal-info -->\n\t\t\t\t            <div class=\"awsm-contact-info\">\n\t\t\t\t                \t\t\t\t            <\/div> <!-- .awsm-contact-info -->\n\t\t\t\t            \t\t\t\t         <\/figcaption>\n\t\t\t\t      <!-- <\/span> -->\n\t\t\t\t      <!-- .awsm-grid-holder -->\n\t\t\t\t   <\/figure>\n\t\t\t\t<\/div>\n\t\t\t\t\t<\/div><!-- .grid -->\n\t\t<\/div><\/div>\n\t\t\t\t<\/div>\n\t\t\t\t\t\t\t<div class=\"elementor-accordion-item\">\n\t\t\t\t\t<div id=\"elementor-tab-title-1974\" class=\"elementor-tab-title\" data-tab=\"4\" role=\"button\" aria-controls=\"elementor-tab-content-1974\" aria-expanded=\"false\">\n\t\t\t\t\t\t\t\t\t\t\t\t\t<span class=\"elementor-accordion-icon elementor-accordion-icon-left\" aria-hidden=\"true\">\n\t\t\t\t\t\t\t\t\t\t\t\t\t\t\t<span class=\"elementor-accordion-icon-closed\"><i class=\"fas fa-plus\"><\/i><\/span>\n\t\t\t\t\t\t\t\t<span class=\"elementor-accordion-icon-opened\"><i class=\"fas fa-minus\"><\/i><\/span>\n\t\t\t\t\t\t\t\t\t\t\t\t\t\t<\/span>\n\t\t\t\t\t\t\t\t\t\t\t\t<a class=\"elementor-accordion-title\" tabindex=\"0\">GEN<\/a>\n\t\t\t\t\t<\/div>\n\t\t\t\t\t<div id=\"elementor-tab-content-1974\" class=\"elementor-tab-content elementor-clearfix\" data-tab=\"4\" role=\"region\" aria-labelledby=\"elementor-tab-title-1974\"><div id=\"awsm-team-371\" class=\"awsm-grid-wrapper\">\n\t\t\t<div class=\"awsm-grid cards-style style-1 grid-4-col \">\n\t\t\t\t\t\t<div id=\"awsm-member-371-2546\" class=\"awsm-grid-card\">\n\t\t\t\t   <figure>\n\t\t\t\t      <!-- <span class=\"awsm-grid-holder\"> -->\n\t\t\t\t      \t\t\t\t\t         <img decoding=\"async\" src=\"https:\/\/concejodeliberantedeazul.gob.ar\/wp-content\/uploads\/2023\/12\/IMG_20250321_110722320-500x500.jpg\" alt=\"GAST\u00d3N DE DOMINICIS\">\n\t\t\t\t        \t\t\t\t         <figcaption class=\"awsm-figcaption\">\n\t\t\t\t         \t\t\t\t\t            <div class=\"awsm-personal-info\">\n\t\t\t\t               <h3>GAST\u00d3N DE DOMINICIS<\/h3>\n\t\t\t\t               <span>PRESIDENTE DE BLOQUE<\/span>\n\t\t\t\t            <\/div> <!-- .awsm-personal-info -->\n\t\t\t\t            <div class=\"awsm-contact-info\">\n\t\t\t\t                <p>Per\u00edodo 2023-2027<\/p>\t\t\t\t            <\/div> <!-- .awsm-contact-info -->\n\t\t\t\t            \t\t\t\t         <\/figcaption>\n\t\t\t\t      <!-- <\/span> -->\n\t\t\t\t      <!-- .awsm-grid-holder -->\n\t\t\t\t   <\/figure>\n\t\t\t\t<\/div>\n\t\t\t\t\t<\/div><!-- .grid -->\n\t\t<\/div><\/div>\n\t\t\t\t<\/div>\n\t\t\t\t\t\t\t<div class=\"elementor-accordion-item\">\n\t\t\t\t\t<div id=\"elementor-tab-title-1975\" class=\"elementor-tab-title\" data-tab=\"5\" role=\"button\" aria-controls=\"elementor-tab-content-1975\" aria-expanded=\"false\">\n\t\t\t\t\t\t\t\t\t\t\t\t\t<span class=\"elementor-accordion-icon elementor-accordion-icon-left\" aria-hidden=\"true\">\n\t\t\t\t\t\t\t\t\t\t\t\t\t\t\t<span class=\"elementor-accordion-icon-closed\"><i class=\"fas fa-plus\"><\/i><\/span>\n\t\t\t\t\t\t\t\t<span class=\"elementor-accordion-icon-opened\"><i class=\"fas fa-minus\"><\/i><\/span>\n\t\t\t\t\t\t\t\t\t\t\t\t\t\t<\/span>\n\t\t\t\t\t\t\t\t\t\t\t\t<a class=\"elementor-accordion-title\" tabindex=\"0\">LA LIBERTAD AVANZA<\/a>\n\t\t\t\t\t<\/div>\n\t\t\t\t\t<div id=\"elementor-tab-content-1975\" class=\"elementor-tab-content elementor-clearfix\" data-tab=\"5\" role=\"region\" aria-labelledby=\"elementor-tab-title-1975\"><div id=\"awsm-team-1883\" class=\"awsm-grid-wrapper\">\n\t\t\t<div class=\"awsm-grid cards-style style-1 grid-4-col \">\n\t\t\t\t\t\t<div id=\"awsm-member-1883-2555\" class=\"awsm-grid-card\">\n\t\t\t\t   <figure>\n\t\t\t\t      <!-- <span class=\"awsm-grid-holder\"> -->\n\t\t\t\t      \t\t\t\t\t         <img decoding=\"async\" src=\"https:\/\/concejodeliberantedeazul.gob.ar\/wp-content\/uploads\/2023\/12\/Saul-Lucero-500x500.jpg\" alt=\"SA\u00daL LUCERO\">\n\t\t\t\t        \t\t\t\t         <figcaption class=\"awsm-figcaption\">\n\t\t\t\t         \t\t\t\t\t            <div class=\"awsm-personal-info\">\n\t\t\t\t               <h3>SA\u00daL LUCERO<\/h3>\n\t\t\t\t               <span><\/span>\n\t\t\t\t            <\/div> <!-- .awsm-personal-info -->\n\t\t\t\t            <div class=\"awsm-contact-info\">\n\t\t\t\t                <p>Per\u00edodo 2023-2027<\/p>\t\t\t\t            <\/div> <!-- .awsm-contact-info -->\n\t\t\t\t            \t\t\t\t         <\/figcaption>\n\t\t\t\t      <!-- <\/span> -->\n\t\t\t\t      <!-- .awsm-grid-holder -->\n\t\t\t\t   <\/figure>\n\t\t\t\t<\/div>\n\t\t\t\t\t\t\t<div id=\"awsm-member-1883-2553\" class=\"awsm-grid-card\">\n\t\t\t\t   <figure>\n\t\t\t\t      <!-- <span class=\"awsm-grid-holder\"> -->\n\t\t\t\t      \t\t\t\t\t         <img decoding=\"async\" src=\"https:\/\/concejodeliberantedeazul.gob.ar\/wp-content\/uploads\/2023\/12\/Andrea-Barcelo-1-500x500.jpg\" alt=\"ANDREA BARCEL\u00d3\">\n\t\t\t\t        \t\t\t\t         <figcaption class=\"awsm-figcaption\">\n\t\t\t\t         \t\t\t\t\t            <div class=\"awsm-personal-info\">\n\t\t\t\t               <h3>ANDREA BARCEL\u00d3<\/h3>\n\t\t\t\t               <span><\/span>\n\t\t\t\t            <\/div> <!-- .awsm-personal-info -->\n\t\t\t\t            <div class=\"awsm-contact-info\">\n\t\t\t\t                <p>Per\u00edodo 2023-2027<\/p>\t\t\t\t            <\/div> <!-- .awsm-contact-info -->\n\t\t\t\t            \t\t\t\t         <\/figcaption>\n\t\t\t\t      <!-- <\/span> -->\n\t\t\t\t      <!-- .awsm-grid-holder -->\n\t\t\t\t   <\/figure>\n\t\t\t\t<\/div>\n\t\t\t\t\t\t\t<div id=\"awsm-member-1883-2739\" class=\"awsm-grid-card\">\n\t\t\t\t   <figure>\n\t\t\t\t      <!-- <span class=\"awsm-grid-holder\"> -->\n\t\t\t\t      \t\t\t\t\t         <img decoding=\"async\" src=\"https:\/\/concejodeliberantedeazul.gob.ar\/wp-content\/uploads\/2024\/03\/Virginia-Torres-500x500.jpg\" alt=\"VIRGINIA TORRES\">\n\t\t\t\t        \t\t\t\t         <figcaption class=\"awsm-figcaption\">\n\t\t\t\t         \t\t\t\t\t            <div class=\"awsm-personal-info\">\n\t\t\t\t               <h3>VIRGINIA TORRES<\/h3>\n\t\t\t\t               <span>Per\u00edodo 2023-2027<\/span>\n\t\t\t\t            <\/div> <!-- .awsm-personal-info -->\n\t\t\t\t            <div class=\"awsm-contact-info\">\n\t\t\t\t                \t\t\t\t            <\/div> <!-- .awsm-contact-info -->\n\t\t\t\t            \t\t\t\t         <\/figcaption>\n\t\t\t\t      <!-- <\/span> -->\n\t\t\t\t      <!-- .awsm-grid-holder -->\n\t\t\t\t   <\/figure>\n\t\t\t\t<\/div>\n\t\t\t\t\t\t\t<div id=\"awsm-member-1883-1672\" class=\"awsm-grid-card\">\n\t\t\t\t   <figure>\n\t\t\t\t      <!-- <span class=\"awsm-grid-holder\"> -->\n\t\t\t\t      \t\t\t\t\t         <img decoding=\"async\" src=\"https:\/\/concejodeliberantedeazul.gob.ar\/wp-content\/uploads\/2022\/09\/Luis-500x500.jpg\" alt=\"LUIS HOURSOURIPE\">\n\t\t\t\t        \t\t\t\t         <figcaption class=\"awsm-figcaption\">\n\t\t\t\t         \t\t\t\t\t            <div class=\"awsm-personal-info\">\n\t\t\t\t               <h3>LUIS HOURSOURIPE<\/h3>\n\t\t\t\t               <span>PRESIDENTE DE BLOQUE<\/span>\n\t\t\t\t            <\/div> <!-- .awsm-personal-info -->\n\t\t\t\t            <div class=\"awsm-contact-info\">\n\t\t\t\t                <p>Periodo: 2025-2029<\/p><div class=\"awsm-social-icons\"><span><a href=\"mailto:bloquepodemosazul@gmail.com\"><i class=\"awsm-icon-mail\" aria-hidden=\"true\"><\/i><\/a><\/span><\/div>\t\t\t\t            <\/div> <!-- .awsm-contact-info -->\n\t\t\t\t            \t\t\t\t         <\/figcaption>\n\t\t\t\t      <!-- <\/span> -->\n\t\t\t\t      <!-- .awsm-grid-holder -->\n\t\t\t\t   <\/figure>\n\t\t\t\t<\/div>\n\t\t\t\t\t\t\t<div id=\"awsm-member-1883-1668\" class=\"awsm-grid-card\">\n\t\t\t\t   <figure>\n\t\t\t\t      <!-- <span class=\"awsm-grid-holder\"> -->\n\t\t\t\t      \t\t\t\t\t         <img decoding=\"async\" src=\"https:\/\/concejodeliberantedeazul.gob.ar\/wp-content\/uploads\/2022\/09\/Piancioli-500x500.jpg\" alt=\"MAGALI PIANCIOLI\">\n\t\t\t\t        \t\t\t\t         <figcaption class=\"awsm-figcaption\">\n\t\t\t\t         \t\t\t\t\t            <div class=\"awsm-personal-info\">\n\t\t\t\t               <h3>MAGALI PIANCIOLI<\/h3>\n\t\t\t\t               <span>Periodo: 2025-2029<\/span>\n\t\t\t\t            <\/div> <!-- .awsm-personal-info -->\n\t\t\t\t            <div class=\"awsm-contact-info\">\n\t\t\t\t                <div class=\"awsm-social-icons\"><span><a href=\"mailto:bloqueucazul@gmail.com\"><i class=\"awsm-icon-mail\" aria-hidden=\"true\"><\/i><\/a><\/span><\/div>\t\t\t\t            <\/div> <!-- .awsm-contact-info -->\n\t\t\t\t            \t\t\t\t         <\/figcaption>\n\t\t\t\t      <!-- <\/span> -->\n\t\t\t\t      <!-- .awsm-grid-holder -->\n\t\t\t\t   <\/figure>\n\t\t\t\t<\/div>\n\t\t\t\t\t\t\t<div id=\"awsm-member-1883-3544\" class=\"awsm-grid-card\">\n\t\t\t\t   <figure>\n\t\t\t\t      <!-- <span class=\"awsm-grid-holder\"> -->\n\t\t\t\t      \t\t\t\t\t         <img decoding=\"async\" src=\"https:\/\/concejodeliberantedeazul.gob.ar\/wp-content\/uploads\/2023\/12\/Leon-500x500.jpg\" alt=\"JUAN IGNACIO FURIASSE\">\n\t\t\t\t        \t\t\t\t         <figcaption class=\"awsm-figcaption\">\n\t\t\t\t         \t\t\t\t\t            <div class=\"awsm-personal-info\">\n\t\t\t\t               <h3>JUAN IGNACIO FURIASSE<\/h3>\n\t\t\t\t               <span><\/span>\n\t\t\t\t            <\/div> <!-- .awsm-personal-info -->\n\t\t\t\t            <div class=\"awsm-contact-info\">\n\t\t\t\t                \t\t\t\t            <\/div> <!-- .awsm-contact-info -->\n\t\t\t\t            \t\t\t\t         <\/figcaption>\n\t\t\t\t      <!-- <\/span> -->\n\t\t\t\t      <!-- .awsm-grid-holder -->\n\t\t\t\t   <\/figure>\n\t\t\t\t<\/div>\n\t\t\t\t\t<\/div><!-- .grid -->\n\t\t<\/div><\/div>\n\t\t\t\t<\/div>\n\t\t\t\t\t\t\t<div class=\"elementor-accordion-item\">\n\t\t\t\t\t<div id=\"elementor-tab-title-1976\" class=\"elementor-tab-title\" data-tab=\"6\" role=\"button\" aria-controls=\"elementor-tab-content-1976\" aria-expanded=\"false\">\n\t\t\t\t\t\t\t\t\t\t\t\t\t<span class=\"elementor-accordion-icon elementor-accordion-icon-left\" aria-hidden=\"true\">\n\t\t\t\t\t\t\t\t\t\t\t\t\t\t\t<span class=\"elementor-accordion-icon-closed\"><i class=\"fas fa-plus\"><\/i><\/span>\n\t\t\t\t\t\t\t\t<span class=\"elementor-accordion-icon-opened\"><i class=\"fas fa-minus\"><\/i><\/span>\n\t\t\t\t\t\t\t\t\t\t\t\t\t\t<\/span>\n\t\t\t\t\t\t\t\t\t\t\t\t<a class=\"elementor-accordion-title\" tabindex=\"0\">PRO AZUL<\/a>\n\t\t\t\t\t<\/div>\n\t\t\t\t\t<div id=\"elementor-tab-content-1976\" class=\"elementor-tab-content elementor-clearfix\" data-tab=\"6\" role=\"region\" aria-labelledby=\"elementor-tab-title-1976\"><div id=\"awsm-team-1794\" class=\"awsm-grid-wrapper\">\n\t\t\t<div class=\"awsm-grid cards-style style-1 grid-4-col \">\n\t\t\t\t\t\t<div id=\"awsm-member-1794-1674\" class=\"awsm-grid-card\">\n\t\t\t\t   <figure>\n\t\t\t\t      <!-- <span class=\"awsm-grid-holder\"> -->\n\t\t\t\t      \t\t\t\t\t         <img decoding=\"async\" src=\"https:\/\/concejodeliberantedeazul.gob.ar\/wp-content\/uploads\/2022\/09\/Elicabide-500x500.jpg\" alt=\"AZUL ELICABIDE\">\n\t\t\t\t        \t\t\t\t         <figcaption class=\"awsm-figcaption\">\n\t\t\t\t         \t\t\t\t\t            <div class=\"awsm-personal-info\">\n\t\t\t\t               <h3>AZUL ELICABIDE<\/h3>\n\t\t\t\t               <span>PRESIDENTE DE BLOQUE<\/span>\n\t\t\t\t            <\/div> <!-- .awsm-personal-info -->\n\t\t\t\t            <div class=\"awsm-contact-info\">\n\t\t\t\t                <p>Periodo: 2025-2029<\/p><div class=\"awsm-social-icons\"><span><a href=\"mailto:bloquepodemosazul@gmail.com\"><i class=\"awsm-icon-mail\" aria-hidden=\"true\"><\/i><\/a><\/span><\/div>\t\t\t\t            <\/div> <!-- .awsm-contact-info -->\n\t\t\t\t            \t\t\t\t         <\/figcaption>\n\t\t\t\t      <!-- <\/span> -->\n\t\t\t\t      <!-- .awsm-grid-holder -->\n\t\t\t\t   <\/figure>\n\t\t\t\t<\/div>\n\t\t\t\t\t<\/div><!-- .grid -->\n\t\t<\/div><\/div>\n\t\t\t\t<\/div>\n\t\t\t\t\t\t\t\t<\/div>\n\t\t\t\t\t\t<\/div>\n\t\t\t\t<\/div>\n\t\t\t\t\t<\/div>\n\t\t<\/div>\n\t\t\t\t\t<\/div>\n\t\t<\/section>\n\t\t\t\t<section class=\"elementor-section elementor-top-section elementor-element elementor-element-57a59d6 elementor-section-full_width elementor-section-height-default elementor-section-height-default\" data-id=\"57a59d6\" data-element_type=\"section\" data-e-type=\"section\">\n\t\t\t\t\t\t<div class=\"elementor-container elementor-column-gap-default\">\n\t\t\t\t\t<div class=\"elementor-column elementor-col-100 elementor-top-column elementor-element elementor-element-53d942c\" data-id=\"53d942c\" data-element_type=\"column\" data-e-type=\"column\">\n\t\t\t<div class=\"elementor-widget-wrap elementor-element-populated\">\n\t\t\t\t\t\t<div class=\"elementor-element elementor-element-8ef5307 elementor-hidden-desktop elementor-widget elementor-widget-shortcode\" data-id=\"8ef5307\" data-element_type=\"widget\" data-e-type=\"widget\" data-widget_type=\"shortcode.default\">\n\t\t\t\t<div class=\"elementor-widget-container\">\n\t\t\t\t\t\t\t<div class=\"elementor-shortcode\"><script>\njQuery(document).ready(function($) {\n    \/\/ Funci\u00f3n para cerrar todos los acordeones\n    function closeAllAccordions() {\n        \/\/ M\u00e9todo 1: Usando los selectores actuales de Elementor\n        $('.elementor-accordion .elementor-tab-title').removeClass('elementor-active');\n        $('.elementor-accordion .elementor-tab-content').css('display', 'none');\n        \n        \/\/ M\u00e9todo 2: Alternativa con atributos ARIA\n        $('.elementor-accordion .elementor-tab-title').attr('aria-expanded', 'false');\n        $('.elementor-accordion .elementor-tab-content').attr('aria-hidden', 'true');\n        \n        \/\/ M\u00e9todo 3: Usar la funci\u00f3n collapse de Elementor si est\u00e1 disponible\n        if (typeof elementorFrontend !== 'undefined') {\n            $('.elementor-accordion').each(function() {\n                var widgetId = $(this).data('id');\n                if (widgetId) {\n                    var widget = elementorFrontend.elementsHandler.getElement($(this));\n                    if (widget && widget.closeAllItems) {\n                        widget.closeAllItems();\n                    }\n                }\n            });\n        }\n    }\n    \n    \/\/ Intentar cerrar inmediatamente\n    closeAllAccordions();\n    \n    \/\/ Intentar nuevamente despu\u00e9s de un breve delay (para contenido cargado din\u00e1micamente)\n    setTimeout(closeAllAccordions, 100);\n    \n    \/\/ Intentar una tercera vez despu\u00e9s de que toda la p\u00e1gina cargue\n    $(window).on('load', closeAllAccordions);\n});\n<\/script><\/div>\n\t\t\t\t\t\t<\/div>\n\t\t\t\t<\/div>\n\t\t\t\t<div class=\"elementor-element elementor-element-dfb868e elementor-widget elementor-widget-spacer\" data-id=\"dfb868e\" data-element_type=\"widget\" data-e-type=\"widget\" data-widget_type=\"spacer.default\">\n\t\t\t\t<div class=\"elementor-widget-container\">\n\t\t\t\t\t\t\t<div class=\"elementor-spacer\">\n\t\t\t<div class=\"elementor-spacer-inner\"><\/div>\n\t\t<\/div>\n\t\t\t\t\t\t<\/div>\n\t\t\t\t<\/div>\n\t\t\t\t\t<\/div>\n\t\t<\/div>\n\t\t\t\t\t<\/div>\n\t\t<\/section>\n\t\t\t\t<\/div>\n\t\t","protected":false},"excerpt":{"rendered":"<p>SOMOS BUENOS AIRES UNI\u00d3N C\u00cdVICA RADICAL FUERZA PATRIA GEN LA LIBERTAD AVANZA PRO AZUL SOMOS BUENOS AIRES NATALIA COLOM\u00c9 Periodo: 2025-2029 CONSUELO BURGOS PRESIDENTE DE BLOQUE Per\u00edodo 2023-2027 LEOPOLDO MARCHISIO Per\u00edodo: 2025-2029 UNI\u00d3N C\u00cdVICA RADICAL AGUST\u00cdN PUYOU PRESIDENTE DE BLOQUE Per\u00edodo 2023-2027 FUERZA PATRIA GISELA ARBIZA Per\u00edodo 2025-2029 GAST\u00d3N BLANDO Per\u00edodo 2023-2027 CECILIA MART\u00cdNEZ Periodo [&hellip;]<\/p>\n","protected":false},"author":1,"featured_media":0,"parent":0,"menu_order":0,"comment_status":"closed","ping_status":"closed","template":"","meta":{"tdm_status":"","tdm_grid_status":"","footnotes":""},"class_list":["post-114","page","type-page","status-publish"],"yoast_head":"<!-- This site is optimized with the Yoast SEO plugin v27.3 - https:\/\/yoast.com\/product\/yoast-seo-wordpress\/ -->\n<title>Concejales - Concejo deliberante de Azul<\/title>\n<meta name=\"robots\" content=\"index, follow, max-snippet:-1, max-image-preview:large, max-video-preview:-1\" \/>\n<link rel=\"canonical\" href=\"https:\/\/concejodeliberantedeazul.gob.ar\/index.php\/concejales\/\" \/>\n<meta property=\"og:locale\" content=\"es_ES\" \/>\n<meta property=\"og:type\" content=\"article\" \/>\n<meta property=\"og:title\" content=\"Concejales - Concejo deliberante de Azul\" \/>\n<meta property=\"og:description\" content=\"SOMOS BUENOS AIRES UNI\u00d3N C\u00cdVICA RADICAL FUERZA PATRIA GEN LA LIBERTAD AVANZA PRO AZUL SOMOS BUENOS AIRES NATALIA COLOM\u00c9 Periodo: 2025-2029 CONSUELO BURGOS PRESIDENTE DE BLOQUE Per\u00edodo 2023-2027 LEOPOLDO MARCHISIO Per\u00edodo: 2025-2029 UNI\u00d3N C\u00cdVICA RADICAL AGUST\u00cdN PUYOU PRESIDENTE DE BLOQUE Per\u00edodo 2023-2027 FUERZA PATRIA GISELA ARBIZA Per\u00edodo 2025-2029 GAST\u00d3N BLANDO Per\u00edodo 2023-2027 CECILIA MART\u00cdNEZ Periodo [&hellip;]\" \/>\n<meta property=\"og:url\" content=\"https:\/\/concejodeliberantedeazul.gob.ar\/index.php\/concejales\/\" \/>\n<meta property=\"og:site_name\" content=\"Concejo deliberante de Azul\" \/>\n<meta property=\"article:modified_time\" content=\"2026-03-29T00:05:24+00:00\" \/>\n<meta property=\"og:image\" content=\"http:\/\/concejodeliberantedeazul.gob.ar\/wp-content\/uploads\/2022\/09\/Nati-500x500.jpg\" \/>\n<meta name=\"twitter:card\" content=\"summary_large_image\" \/>\n<meta name=\"twitter:label1\" content=\"Tiempo de lectura\" \/>\n\t<meta name=\"twitter:data1\" content=\"5 minutos\" \/>\n<script type=\"application\/ld+json\" class=\"yoast-schema-graph\">{\"@context\":\"https:\\\/\\\/schema.org\",\"@graph\":[{\"@type\":\"WebPage\",\"@id\":\"https:\\\/\\\/concejodeliberantedeazul.gob.ar\\\/index.php\\\/concejales\\\/\",\"url\":\"https:\\\/\\\/concejodeliberantedeazul.gob.ar\\\/index.php\\\/concejales\\\/\",\"name\":\"Concejales - Concejo deliberante de Azul\",\"isPartOf\":{\"@id\":\"http:\\\/\\\/concejodeliberantedeazul.gob.ar\\\/#website\"},\"primaryImageOfPage\":{\"@id\":\"https:\\\/\\\/concejodeliberantedeazul.gob.ar\\\/index.php\\\/concejales\\\/#primaryimage\"},\"image\":{\"@id\":\"https:\\\/\\\/concejodeliberantedeazul.gob.ar\\\/index.php\\\/concejales\\\/#primaryimage\"},\"thumbnailUrl\":\"http:\\\/\\\/concejodeliberantedeazul.gob.ar\\\/wp-content\\\/uploads\\\/2022\\\/09\\\/Nati-500x500.jpg\",\"datePublished\":\"2019-05-01T02:03:45+00:00\",\"dateModified\":\"2026-03-29T00:05:24+00:00\",\"breadcrumb\":{\"@id\":\"https:\\\/\\\/concejodeliberantedeazul.gob.ar\\\/index.php\\\/concejales\\\/#breadcrumb\"},\"inLanguage\":\"es-AR\",\"potentialAction\":[{\"@type\":\"ReadAction\",\"target\":[\"https:\\\/\\\/concejodeliberantedeazul.gob.ar\\\/index.php\\\/concejales\\\/\"]}]},{\"@type\":\"ImageObject\",\"inLanguage\":\"es-AR\",\"@id\":\"https:\\\/\\\/concejodeliberantedeazul.gob.ar\\\/index.php\\\/concejales\\\/#primaryimage\",\"url\":\"http:\\\/\\\/concejodeliberantedeazul.gob.ar\\\/wp-content\\\/uploads\\\/2022\\\/09\\\/Nati.jpg\",\"contentUrl\":\"http:\\\/\\\/concejodeliberantedeazul.gob.ar\\\/wp-content\\\/uploads\\\/2022\\\/09\\\/Nati.jpg\",\"width\":1276,\"height\":1913},{\"@type\":\"BreadcrumbList\",\"@id\":\"https:\\\/\\\/concejodeliberantedeazul.gob.ar\\\/index.php\\\/concejales\\\/#breadcrumb\",\"itemListElement\":[{\"@type\":\"ListItem\",\"position\":1,\"name\":\"Inicio\",\"item\":\"https:\\\/\\\/concejodeliberantedeazul.gob.ar\\\/\"},{\"@type\":\"ListItem\",\"position\":2,\"name\":\"Concejales\"}]},{\"@type\":\"WebSite\",\"@id\":\"http:\\\/\\\/concejodeliberantedeazul.gob.ar\\\/#website\",\"url\":\"http:\\\/\\\/concejodeliberantedeazul.gob.ar\\\/\",\"name\":\"Concejo deliberante de Azul\",\"description\":\"Sitio Web Oficial del Concejo Deliberante de Azul, Prov. de Buenos Aires - Conformado por 18 concejales de todo el partido.\",\"potentialAction\":[{\"@type\":\"SearchAction\",\"target\":{\"@type\":\"EntryPoint\",\"urlTemplate\":\"http:\\\/\\\/concejodeliberantedeazul.gob.ar\\\/?s={search_term_string}\"},\"query-input\":{\"@type\":\"PropertyValueSpecification\",\"valueRequired\":true,\"valueName\":\"search_term_string\"}}],\"inLanguage\":\"es-AR\"}]}<\/script>\n<!-- \/ Yoast SEO plugin. -->","yoast_head_json":{"title":"Concejales - Concejo deliberante de Azul","robots":{"index":"index","follow":"follow","max-snippet":"max-snippet:-1","max-image-preview":"max-image-preview:large","max-video-preview":"max-video-preview:-1"},"canonical":"https:\/\/concejodeliberantedeazul.gob.ar\/index.php\/concejales\/","og_locale":"es_ES","og_type":"article","og_title":"Concejales - Concejo deliberante de Azul","og_description":"SOMOS BUENOS AIRES UNI\u00d3N C\u00cdVICA RADICAL FUERZA PATRIA GEN LA LIBERTAD AVANZA PRO AZUL SOMOS BUENOS AIRES NATALIA COLOM\u00c9 Periodo: 2025-2029 CONSUELO BURGOS PRESIDENTE DE BLOQUE Per\u00edodo 2023-2027 LEOPOLDO MARCHISIO Per\u00edodo: 2025-2029 UNI\u00d3N C\u00cdVICA RADICAL AGUST\u00cdN PUYOU PRESIDENTE DE BLOQUE Per\u00edodo 2023-2027 FUERZA PATRIA GISELA ARBIZA Per\u00edodo 2025-2029 GAST\u00d3N BLANDO Per\u00edodo 2023-2027 CECILIA MART\u00cdNEZ Periodo [&hellip;]","og_url":"https:\/\/concejodeliberantedeazul.gob.ar\/index.php\/concejales\/","og_site_name":"Concejo deliberante de Azul","article_modified_time":"2026-03-29T00:05:24+00:00","og_image":[{"url":"http:\/\/concejodeliberantedeazul.gob.ar\/wp-content\/uploads\/2022\/09\/Nati-500x500.jpg","type":"","width":"","height":""}],"twitter_card":"summary_large_image","twitter_misc":{"Tiempo de lectura":"5 minutos"},"schema":{"@context":"https:\/\/schema.org","@graph":[{"@type":"WebPage","@id":"https:\/\/concejodeliberantedeazul.gob.ar\/index.php\/concejales\/","url":"https:\/\/concejodeliberantedeazul.gob.ar\/index.php\/concejales\/","name":"Concejales - Concejo deliberante de Azul","isPartOf":{"@id":"http:\/\/concejodeliberantedeazul.gob.ar\/#website"},"primaryImageOfPage":{"@id":"https:\/\/concejodeliberantedeazul.gob.ar\/index.php\/concejales\/#primaryimage"},"image":{"@id":"https:\/\/concejodeliberantedeazul.gob.ar\/index.php\/concejales\/#primaryimage"},"thumbnailUrl":"http:\/\/concejodeliberantedeazul.gob.ar\/wp-content\/uploads\/2022\/09\/Nati-500x500.jpg","datePublished":"2019-05-01T02:03:45+00:00","dateModified":"2026-03-29T00:05:24+00:00","breadcrumb":{"@id":"https:\/\/concejodeliberantedeazul.gob.ar\/index.php\/concejales\/#breadcrumb"},"inLanguage":"es-AR","potentialAction":[{"@type":"ReadAction","target":["https:\/\/concejodeliberantedeazul.gob.ar\/index.php\/concejales\/"]}]},{"@type":"ImageObject","inLanguage":"es-AR","@id":"https:\/\/concejodeliberantedeazul.gob.ar\/index.php\/concejales\/#primaryimage","url":"http:\/\/concejodeliberantedeazul.gob.ar\/wp-content\/uploads\/2022\/09\/Nati.jpg","contentUrl":"http:\/\/concejodeliberantedeazul.gob.ar\/wp-content\/uploads\/2022\/09\/Nati.jpg","width":1276,"height":1913},{"@type":"BreadcrumbList","@id":"https:\/\/concejodeliberantedeazul.gob.ar\/index.php\/concejales\/#breadcrumb","itemListElement":[{"@type":"ListItem","position":1,"name":"Inicio","item":"https:\/\/concejodeliberantedeazul.gob.ar\/"},{"@type":"ListItem","position":2,"name":"Concejales"}]},{"@type":"WebSite","@id":"http:\/\/concejodeliberantedeazul.gob.ar\/#website","url":"http:\/\/concejodeliberantedeazul.gob.ar\/","name":"Concejo deliberante de Azul","description":"Sitio Web Oficial del Concejo Deliberante de Azul, Prov. de Buenos Aires - Conformado por 18 concejales de todo el partido.","potentialAction":[{"@type":"SearchAction","target":{"@type":"EntryPoint","urlTemplate":"http:\/\/concejodeliberantedeazul.gob.ar\/?s={search_term_string}"},"query-input":{"@type":"PropertyValueSpecification","valueRequired":true,"valueName":"search_term_string"}}],"inLanguage":"es-AR"}]}},"amp_enabled":true,"_links":{"self":[{"href":"http:\/\/concejodeliberantedeazul.gob.ar\/index.php\/wp-json\/wp\/v2\/pages\/114","targetHints":{"allow":["GET"]}}],"collection":[{"href":"http:\/\/concejodeliberantedeazul.gob.ar\/index.php\/wp-json\/wp\/v2\/pages"}],"about":[{"href":"http:\/\/concejodeliberantedeazul.gob.ar\/index.php\/wp-json\/wp\/v2\/types\/page"}],"author":[{"embeddable":true,"href":"http:\/\/concejodeliberantedeazul.gob.ar\/index.php\/wp-json\/wp\/v2\/users\/1"}],"replies":[{"embeddable":true,"href":"http:\/\/concejodeliberantedeazul.gob.ar\/index.php\/wp-json\/wp\/v2\/comments?post=114"}],"version-history":[{"count":224,"href":"http:\/\/concejodeliberantedeazul.gob.ar\/index.php\/wp-json\/wp\/v2\/pages\/114\/revisions"}],"predecessor-version":[{"id":3672,"href":"http:\/\/concejodeliberantedeazul.gob.ar\/index.php\/wp-json\/wp\/v2\/pages\/114\/revisions\/3672"}],"wp:attachment":[{"href":"http:\/\/concejodeliberantedeazul.gob.ar\/index.php\/wp-json\/wp\/v2\/media?parent=114"}],"curies":[{"name":"wp","href":"https:\/\/api.w.org\/{rel}","templated":true}]}}